{"id":31,"date":"2013-03-03T22:02:07","date_gmt":"2013-03-03T22:02:07","guid":{"rendered":"http:\/\/corneliaschmidt.com\/?page_id=31"},"modified":"2020-03-26T17:26:57","modified_gmt":"2020-03-26T17:26:57","slug":"referenzen","status":"publish","type":"page","link":"https:\/\/corneliaschmidt.com\/?page_id=31","title":{"rendered":"<!--:de-->Referenzen<!--:--><!--:en-->References<!--:--><!--:es-->Referencias<!--:-->"},"content":{"rendered":"<p><!--:de--><\/p>\n<p style=\"text-align: center;\"><img loading=\"lazy\" decoding=\"async\" class=\"wp-image-217 aligncenter\" alt=\"Referenzen\" src=\"http:\/\/corneliaschmidt.com\/wp-content\/uploads\/2013\/03\/Referenzen.png\" width=\"260\" height=\"80\" srcset=\"https:\/\/corneliaschmidt.com\/wp-content\/uploads\/2013\/03\/Referenzen.png 406w, https:\/\/corneliaschmidt.com\/wp-content\/uploads\/2013\/03\/Referenzen-300x92.png 300w, https:\/\/corneliaschmidt.com\/wp-content\/uploads\/2013\/03\/Referenzen-240x73.png 240w\" sizes=\"auto, (max-width: 260px) 100vw, 260px\" \/><\/p>\n<p><span style=\"color: #414141;\">Jede einzelne Veranstaltung, ob im Bereich Politik, Kultur, Medizin oder Technik ist etwas Besonderes und verlangt nicht nur eine intensive Vorbereitung, sondern auch die F\u00e4higkeit, sich auf unterschiedlichste Gegebenheiten einzustellen.<\/span><\/p>\n<p><span style=\"color: #414141;\">Bei Beratungen von Gewerkschaftsvertretern \u00fcber die Vereinbarkeit von Familie und Beruf, im Bundestag und bei Veranstaltungen der Europ\u00e4ischen Kommission, bei Pressekonferenzen und Buchvorstellungen, live dabei auf dem Fussballfeld, bei Tagungen verschiedener europ\u00e4ischer Betriebsr\u00e4te, bei Werksf\u00fchrungen oder auch Museumsrundg\u00e4ngen &#8211; mit guter Vorbereitung habe ich als Dolmetscherin zum guten Gelingen beitragen k\u00f6nnen.<\/span><\/p>\n<p><span style=\"color: #000000;\"><strong>Fachgebiete<\/strong><\/span><\/p>\n<p><span style=\"color: #414141;\">\u2013 Arbeits- und Bildungspolitik<\/span><\/p>\n<p><span style=\"color: #414141;\">\u2013 Gewerkschaften, Europ\u00e4ische Betriebsr\u00e4te<\/span><\/p>\n<p><span style=\"color: #414141;\"> \u2013 Humanmedizin (Neurologie, Orthop\u00e4die, Kardiologie)<\/span><\/p>\n<p><span style=\"color: #414141;\"> \u2013\u00a0Klimawandel, Erneuerbare Energien<\/span><\/p>\n<p><span style=\"color: #414141;\"> \u2013\u00a0Entwicklungszusammenarbeit<\/span><\/p>\n<p><span style=\"color: #414141;\"> \u2013\u00a0Eisenbahntechnik<\/span><\/p>\n<p><span style=\"color: #000000;\"><strong>Folgenden Pers\u00f6nlichkeiten habe ich als Dolmetscherin bereits meine Stimme verliehen<\/strong><\/span><\/p>\n<p><span style=\"color: #000000;\">&#8211; <strong>Gioconda Belli<\/strong>, nicaraguanische Schriftstellerin<\/span><\/p>\n<p><span style=\"color: #000000;\">&#8211;\u00a0<strong>Enrique Cerezo<\/strong>, Pr\u00e4sident des Fu\u00dfballclubs Atl\u00e9tico de Madrid<\/span><\/p>\n<p><span style=\"color: #000000;\">&#8211; <strong>Sigmar Gabriel<\/strong>, ehem. Vizekanzler<\/span><\/p>\n<p><span style=\"color: #000000;\">&#8211; <strong>Baltasar Garz\u00f3n<\/strong>, spanischer Untersuchungsrichter<\/span><\/p>\n<p><span style=\"color: #000000;\">&#8211; <strong>Felipe Gonz\u00e1lez<\/strong>, ehem. spanischer Ministerpr\u00e4sident<\/span><\/p>\n<p><span style=\"color: #000000;\">&#8211;<strong> Jupp Heynkes<\/strong>, deutscher Fu\u00dfballtrainer<\/span><\/p>\n<p><span style=\"color: #000000;\">&#8211; <strong>Rolf Hochhuth<\/strong>, deutscher Dramatiker<\/span><\/p>\n<p><span style=\"color: #000000;\">&#8211; <strong>Peter L\u00f6scher<\/strong>, Vorstandsvorsitzender Siemens<\/span><\/p>\n<p><span style=\"color: #000000;\">&#8211; <strong>Heiko Maas<\/strong>, deutscher Au\u00dfenminister<\/span><\/p>\n<p><span style=\"color: #000000;\">&#8211; <strong>David Miliband<\/strong>, ehem. Au\u00dfenminister des Vereinigten K\u00f6nigreichs<\/span><\/p>\n<p><span style=\"color: #000000;\">&#8211; <strong>Michael M\u00fcller<\/strong>, Oberb\u00fcrgermeister von Berlin<\/span><\/p>\n<p><span style=\"color: #000000;\">&#8211; <strong>Hans-Gert P\u00f6ttering<\/strong>, ehem. Pr\u00e4sident des Europ\u00e4ischen Parlaments<\/span><\/p>\n<p><span style=\"color: #000000;\">&#8211; <strong>Ronaldinho<\/strong>, brasilianischer Fu\u00dfballspieler<\/span><\/p>\n<p><span style=\"color: #000000;\">&#8211; <strong>Claudia Roth<\/strong>, Vizepr\u00e4sidentin des Deutschen Bundestages<\/span><\/p>\n<p><span style=\"color: #000000;\">&#8211; <strong>Thomas Sch\u00fctte<\/strong>, deutscher Bildhauer und Maler<\/span><\/p>\n<p><span style=\"color: #000000;\">&#8211; <strong>J<\/strong><\/span><strong><span style=\"color: #000000;\">\u00fcrgen Trittin<\/span><\/strong><span style=\"color: #000000;\">, ehem. Bundesumweltminister<\/span><\/p>\n<p><span style=\"color: #000000;\">&#8211; <strong>Tabar\u00e9 V\u00e1zquez<\/strong>, ehem. Pr\u00e4sident von Uruguay<\/span><!--:--><!--:en--><\/p>\n<p style=\"text-align: center;\"><a href=\"http:\/\/corneliaschmidt.com\/wp-content\/uploads\/2013\/03\/References.png\"><img loading=\"lazy\" decoding=\"async\" class=\" wp-image-544 aligncenter\" alt=\"References\" src=\"http:\/\/corneliaschmidt.com\/wp-content\/uploads\/2013\/03\/References.png\" width=\"260\" height=\"79\" srcset=\"https:\/\/corneliaschmidt.com\/wp-content\/uploads\/2013\/03\/References.png 413w, https:\/\/corneliaschmidt.com\/wp-content\/uploads\/2013\/03\/References-300x90.png 300w, https:\/\/corneliaschmidt.com\/wp-content\/uploads\/2013\/03\/References-240x72.png 240w\" sizes=\"auto, (max-width: 260px) 100vw, 260px\" \/><\/a><\/p>\n<p><span style=\"color: #333333;\">Whether in politics, arts and culture, medicine, or technology every event is unique, and uniquely demanding. Each interpretation job requires thorough, targeted preparation and the ability to accommodate a great variety of circumstances.<\/span><\/p>\n<p><span style=\"color: #333333;\">I have provided professional interpretation services in many different settings: at negotiations among union representatives, in the German Bundestag, at meetings of the European Commission, at press conferences and book readings, during live broadcasts from the football field, at meetings of the European Works Councils, and during factory and museum tours.<\/span><\/p>\n<p><span style=\"color: #000000;\"><strong>Fields<\/strong><\/span><\/p>\n<p><span style=\"color: #333333;\">\u2013\u00a0Labor policy, educational policy<\/span><\/p>\n<p><span style=\"color: #333333;\">\u2013\u00a0Unions, European Works Councils<\/span><\/p>\n<p><span style=\"color: #333333;\">\u2013\u00a0Human medicine (neurology, orthopedics, cardiology)<\/span><\/p>\n<p><span style=\"color: #333333;\">\u2013\u00a0Climate change, renewable energy<\/span><\/p>\n<p><span style=\"color: #333333;\">\u2013\u00a0Developmental policy<\/span><\/p>\n<p><span style=\"color: #333333;\">\u2013\u00a0Railway technology<\/span><\/p>\n<p><span style=\"color: #000000;\"><strong>Well-known clients who have used my interpretation services<\/strong><\/span><\/p>\n<p><span style=\"color: #333333;\">\u2013\u00a0Baltasar Garz\u00f3n, Spanish examining magistrate<\/span><\/p>\n<p><span style=\"color: #333333;\">\u2013\u00a0Enrique Cerezo, president of the Spanish Football Club Atl\u00e9tico Madrid<\/span><\/p>\n<p><span style=\"color: #333333;\">\u2013\u00a0Hans-Gert P\u00f6ttering, former president of the European Parliament<\/span><\/p>\n<p><span style=\"color: #333333;\">\u2013\u00a0Jos\u00e9 Ricardo Mart\u00ednez, general secretary of Uni\u00f3n General de Trabajadores<\/span><\/p>\n<p><span style=\"color: #333333;\">\u2013\u00a0Jupp Heynkes, German football coach<\/span><\/p>\n<p><span style=\"color: #333333;\">\u2013\u00a0Karim Rashid, American designer<\/span><\/p>\n<p><span style=\"color: #333333;\">\u2013\u00a0Manuel Fern\u00e1ndez L\u00f3pez, general secretary of Metal, Construcci\u00f3n y Afines for the Uni\u00f3n General de Trabajadores<\/span><\/p>\n<p><span style=\"color: #333333;\">\u2013\u00a0Peter L\u00f6scher, CEO of Siemens AG<\/span><\/p>\n<p><span style=\"color: #333333;\">\u2013\u00a0Rolf Hochhuth, German playwright<\/span><\/p>\n<p><span style=\"color: #333333;\">\u2013\u00a0Thomas Sch\u00fctte, German sculptor and painter<\/span><\/p>\n<p><span style=\"color: #333333;\">\u2013\u00a0Viviane Reding, vice president of the European Commission<\/span><!--:--><!--:es--><\/p>\n<p style=\"text-align: center;\">\n<p><span style=\"color: #414141;\">Jede einzelne Veranstaltung, ob im Bereich Politik, Kultur, Medizin oder Technik ist etwas Besonderes und verlangt nicht nur eine intensive Vorbereitung, sondern auch die F\u00e4higkeit, sich auf unterschiedlichste Gegebenheiten einzustellen.<\/span><\/p>\n<p><span style=\"color: #414141;\">Bei Beratungen von Gewerkschaftsvertretern \u00fcber die Vereinbarkeit von Familie und Beruf, im Bundestag und bei Veranstaltungen der Europ\u00e4ischen Kommission, bei Pressekonferenzen und Buchvorstellungen, live dabei auf dem Fussballfeld, bei Tagungen verschiedener europ\u00e4ischer Betriebsr\u00e4te, bei Werksf\u00fchrungen oder auch Museumsrundg\u00e4ngen &#8211; mit guter Vorbereitung habe ich als Dolmetscherin zum guten Gelingen beitragen k\u00f6nnen.<\/span><\/p>\n<p><strong><span style=\"color: #3aaded;\">Fachgebiete<\/span><\/strong><\/p>\n<p><span style=\"color: #414141;\">\u2013 Arbeits- und Bildungspolitik<\/span><br \/>\n<span style=\"color: #414141;\"> \u2013 Gewerkschaften, Europ\u00e4ische Betriebsr\u00e4te<\/span><br \/>\n<span style=\"color: #414141;\"> \u2013 Humanmedizin (Neurologie, Orthop\u00e4die, Kardiologie)<\/span><br \/>\n<span style=\"color: #414141;\"> \u2013\u00a0Klimawandel, Erneuerbare Energien<\/span><br \/>\n<span style=\"color: #414141;\"> \u2013\u00a0Entwicklungspolitik<\/span><br \/>\n<span style=\"color: #414141;\"> \u2013\u00a0Eisenbahntechnik<\/span><\/p>\n<p><strong><span style=\"color: #3aaded;\">Folgenden Pers\u00f6nlichkeiten habe ich als Dolmetscherin bereits meine Stimme verliehen<\/span><\/strong><\/p>\n<p><span style=\"color: #414141;\">\u2013\u00a0Baltasar Garz\u00f3n, spanischer Untersuchungsrichter<\/span><br \/>\n<span style=\"color: #414141;\"> \u2013\u00a0Enrique Cerezo, Pr\u00e4sident des spanischen Fu\u00dfballclubs Atl\u00e9tico Madrid<\/span><br \/>\n<span style=\"color: #414141;\"> \u2013\u00a0Hans-Gert P\u00f6ttering, ehem. Pr\u00e4sident des Europ\u00e4ischen Parlaments<\/span><br \/>\n<span style=\"color: #414141;\"> \u2013\u00a0Jos\u00e9 Ricardo Mart\u00ednez, Generalsekret\u00e4r UGT<\/span><br \/>\n<span style=\"color: #414141;\"> <span style=\"font-size: 13px; line-height: 19px;\">\u2013<\/span>\u00a0Jupp Heynkes, deutscher Fu\u00dfballtrainer<\/span><br \/>\n<span style=\"color: #414141;\"> \u2013\u00a0Karim Rashid, US-amerikanischer Designer<\/span><br \/>\n<span style=\"color: #414141;\"> \u2013\u00a0Manuel Fern\u00e1ndez L\u00f3pez, Generalsekret\u00e4r MCA-UGT<\/span><br \/>\n<span style=\"color: #414141;\"> \u2013\u00a0Peter L\u00f6scher, Vorstandsvorsitzender Siemens<\/span><br \/>\n<span style=\"color: #414141;\"> \u2013\u00a0Rolf Hochhuth, deutscher Dramatiker<\/span><br \/>\n<span style=\"color: #414141;\"> \u2013\u00a0Thomas Sch\u00fctte, deutscher Bildhauer und Maler<\/span><br \/>\n<span style=\"color: #414141;\"> \u2013\u00a0Viviane Reding, Vizepr\u00e4sidentin der Europ\u00e4ischen Kommission<\/span><!--:--><\/p>\n","protected":false},"excerpt":{"rendered":"<p>Jede einzelne Veranstaltung, ob im Bereich Politik, Kultur, Medizin oder Technik ist etwas Besonderes und verlangt nicht nur eine intensive Vorbereitung, sondern auch die F\u00e4higkeit, sich auf unterschiedlichste Gegebenheiten einzustellen. Bei Beratungen von Gewerkschaftsvertretern \u00fcber die Vereinbarkeit von Familie und Beruf, im Bundestag und bei Veranstaltungen der Europ\u00e4ischen Kommission, bei Pressekonferenzen und Buchvorstellungen, live dabei [&hellip;]<\/p>\n","protected":false},"author":1,"featured_media":32,"parent":0,"menu_order":0,"comment_status":"open","ping_status":"open","template":"","meta":{"footnotes":""},"class_list":["post-31","page","type-page","status-publish","has-post-thumbnail","hentry"],"_links":{"self":[{"href":"https:\/\/corneliaschmidt.com\/index.php?rest_route=\/wp\/v2\/pages\/31","targetHints":{"allow":["GET"]}}],"collection":[{"href":"https:\/\/corneliaschmidt.com\/index.php?rest_route=\/wp\/v2\/pages"}],"about":[{"href":"https:\/\/corneliaschmidt.com\/index.php?rest_route=\/wp\/v2\/types\/page"}],"author":[{"embeddable":true,"href":"https:\/\/corneliaschmidt.com\/index.php?rest_route=\/wp\/v2\/users\/1"}],"replies":[{"embeddable":true,"href":"https:\/\/corneliaschmidt.com\/index.php?rest_route=%2Fwp%2Fv2%2Fcomments&post=31"}],"version-history":[{"count":60,"href":"https:\/\/corneliaschmidt.com\/index.php?rest_route=\/wp\/v2\/pages\/31\/revisions"}],"predecessor-version":[{"id":97,"href":"https:\/\/corneliaschmidt.com\/index.php?rest_route=\/wp\/v2\/pages\/31\/revisions\/97"}],"wp:featuredmedia":[{"embeddable":true,"href":"https:\/\/corneliaschmidt.com\/index.php?rest_route=\/wp\/v2\/media\/32"}],"wp:attachment":[{"href":"https:\/\/corneliaschmidt.com\/index.php?rest_route=%2Fwp%2Fv2%2Fmedia&parent=31"}],"curies":[{"name":"wp","href":"https:\/\/api.w.org\/{rel}","templated":true}]}}